{"id":796,"date":"2022-06-04T09:51:45","date_gmt":"2022-06-04T07:51:45","guid":{"rendered":"https:\/\/editionsverdigris.com\/?page_id=796"},"modified":"2022-06-26T00:47:30","modified_gmt":"2022-06-25T22:47:30","slug":"evenements","status":"publish","type":"page","link":"https:\/\/editionsverdigris.com\/en\/evenements\/","title":{"rendered":"Events"},"content":{"rendered":"<div data-elementor-type=\"wp-post\" data-elementor-id=\"796\" class=\"elementor elementor-796\">\n\t\t\t\t\t\t<section class=\"jarallax lazyload elementor-section elementor-top-section elementor-element elementor-element-fe3534f elementor-section-boxed elementor-section-height-default elementor-section-height-default\" data-jarallax=\"\" data-speed=\"0.75\" data-type=\"scroll\" data-parallax=\"scroll\" style=\"background-image:url(&quot;https:\/\/editionsverdigris.com\/wp-content\/uploads\/2022\/04\/colophon-typo-scaled.jpg&quot;);\" data-image-src=\"https:\/\/editionsverdigris.com\/wp-content\/uploads\/2022\/04\/colophon-typo-scaled.jpg\" data-id=\"fe3534f\" data-element_type=\"section\" data-settings=\"{&quot;background_background&quot;:&quot;classic&quot;}\">\n\t\t\t\t\t\t\t<div class=\"elementor-background-overlay\"><\/div>\n\t\t\t\t\t\t\t<div class=\"elementor-container elementor-column-gap-default\">\n\t\t\t\t\t<div class=\"elementor-column elementor-col-100 elementor-top-column elementor-element elementor-element-b6a99c3\" data-id=\"b6a99c3\" data-element_type=\"column\">\n\t\t\t<div class=\"elementor-widget-wrap elementor-element-populated\">\n\t\t\t\t\t\t<div class=\"elementor-element elementor-element-4a62cc0 section-align-center section-size-large subtitle-style-default elementor-widget elementor-widget-section-heading\" data-id=\"4a62cc0\" data-element_type=\"widget\" data-widget_type=\"section-heading.default\">\n\t\t\t\t<div class=\"elementor-widget-container\">\n\t\t\t<div class=\"section-heading headingstyle-subtitle\"><h5 class=\"entry-sub-title section-sub-title\">See our<\/h5><div class=\"section-title-wrapper\"><h1 class=\"entry-title section-title\">Events<\/h1><\/div><\/div>\t\t<\/div>\n\t\t\t\t<\/div>\n\t\t\t\t\t<\/div>\n\t\t<\/div>\n\t\t\t\t\t<\/div>\n\t\t<\/section>\n\t\t\t\t<section class=\"elementor-section elementor-top-section elementor-element elementor-element-b26167a elementor-section-boxed elementor-section-height-default elementor-section-height-default elementor-invisible\" data-id=\"b26167a\" data-element_type=\"section\" data-settings=\"{&quot;animation&quot;:&quot;fadeIn&quot;}\">\n\t\t\t\t\t\t<div class=\"elementor-container elementor-column-gap-no\">\n\t\t\t\t\t<div class=\"elementor-column elementor-col-100 elementor-top-column elementor-element elementor-element-696b1ba\" data-id=\"696b1ba\" data-element_type=\"column\">\n\t\t\t<div class=\"elementor-widget-wrap elementor-element-populated\">\n\t\t\t\t\t\t<div class=\"elementor-element elementor-element-27477bf elementor-widget elementor-widget-split-headlines\" data-id=\"27477bf\" data-element_type=\"widget\" data-widget_type=\"split-headlines.default\">\n\t\t\t\t<div class=\"elementor-widget-container\">\n\t\t\t<div class=\"multi-headlines-outer\"><div class=\"multi-headlines-wrap\"><div class=\"multi-headlines\"><h2>Come to meet us !<\/h2> <\/div><\/div><\/div>\t\t<\/div>\n\t\t\t\t<\/div>\n\t\t\t\t<div class=\"elementor-element elementor-element-c4d79b1 animated-slow elementor-invisible elementor-widget elementor-widget-text-editor\" data-id=\"c4d79b1\" data-element_type=\"widget\" data-settings=\"{&quot;_animation&quot;:&quot;fadeIn&quot;,&quot;_animation_delay&quot;:200}\" data-widget_type=\"text-editor.default\">\n\t\t\t\t<div class=\"elementor-widget-container\">\n\t\t\t\t\t\t\t<p>We participate regularly in specialized book fairs in the United States and Europe to share our books with the public.<\/p>\t\t\t\t\t\t<\/div>\n\t\t\t\t<\/div>\n\t\t\t\t<div class=\"elementor-element elementor-element-18c0626 elementor-widget elementor-widget-events-grid\" data-id=\"18c0626\" data-element_type=\"widget\" data-widget_type=\"events-grid.default\">\n\t\t\t\t<div class=\"elementor-widget-container\">\n\t\t\t<div class=\"portfolio-grid-container portfolio-gridblock-columns-wrap grid-has-events\"><div id=\"gridblock-container\" class=\"portfolio-gutter-spaced gridblock-masonary  relayout-on-image-load has-effect-zoom grid-style-classic gridblock-three clearfix\" data-columns=\"3\"><div class=\"gridblock-element grid-animate-display-all isotope-displayed gridblock-element-id-2119 gridblock-element-order-1  gridblock-filterable filter-17\" data-portfolio=\"portfolio-2119\" data-id=\"id-2\"><div class=\"gridblock-grid-element gridblock-element-inner\" data-portfolioid=\"2119\"><div class=\"gridblock-background-hover\"><a class=\"gridblock-sole-link\" href=\"https:\/\/editionsverdigris.com\/en\/events\/codex-artists-books-verdigris-oakland\/\"><div class=\"gridblock-links-wrap box-title-\"><span class=\"column-gridblock-icon\"><span class=\"hover-icon-effect\"><i class=\"ion-ios-plus-empty\"><\/i><\/span><\/span><\/div><\/a><\/div><img decoding=\"async\" src=\"https:\/\/editionsverdigris.com\/wp-content\/themes\/blacksilver\/images\/placeholders\/placeholder-770x550.gif\" data-src=\"https:\/\/editionsverdigris.com\/wp-content\/uploads\/2026\/01\/invitation-800x539.jpg\" alt=\"\" class=\"displayed-image lazyload\"\/><\/div><div class=\"work-details\"><div class=\"events-summary-wrap\"><div class=\"worktype-categories\">7 February 2026<span class=\"date-seperator\"> - <\/span>10 February 2026<\/div><\/div><h4><a href=\"https:\/\/editionsverdigris.com\/en\/events\/codex-artists-books-verdigris-oakland\/\">Codex Book Art Fair<\/a><\/h4><p class=\"entry-content work-description\">Tenth Biennial International Book Art Fair & Symposium<\/p><a class=\"theme-btn-link\" href=\"https:\/\/editionsverdigris.com\/en\/events\/codex-artists-books-verdigris-oakland\/\"><div class=\"theme-btn theme-btn-outline-primary theme-hover-arrow\">More details<\/div><\/a><\/div><\/div><div class=\"gridblock-element grid-animate-display-all isotope-displayed gridblock-element-id-2109 gridblock-element-order-2  gridblock-filterable filter-17\" data-portfolio=\"portfolio-2109\" data-id=\"id-3\"><div class=\"gridblock-grid-element gridblock-element-inner\" data-portfolioid=\"2109\"><div class=\"gridblock-background-hover\"><a class=\"gridblock-sole-link\" href=\"https:\/\/editionsverdigris.com\/en\/events\/pages-27-editions-verdigris-paris\/\"><div class=\"gridblock-links-wrap box-title-\"><span class=\"column-gridblock-icon\"><span class=\"hover-icon-effect\"><i class=\"ion-ios-plus-empty\"><\/i><\/span><\/span><\/div><\/a><\/div><img decoding=\"async\" src=\"https:\/\/editionsverdigris.com\/wp-content\/themes\/blacksilver\/images\/placeholders\/placeholder-770x550.gif\" data-src=\"https:\/\/editionsverdigris.com\/wp-content\/uploads\/2026\/01\/invitation-Pages-800x564.jpg\" alt=\"\" class=\"displayed-image lazyload\"\/><\/div><div class=\"work-details\"><div class=\"events-summary-wrap\"><div class=\"worktype-categories\">28 November 2025<span class=\"date-seperator\"> - <\/span>29 April 2026<\/div><\/div><h4><a href=\"https:\/\/editionsverdigris.com\/en\/events\/pages-27-editions-verdigris-paris\/\">Page(s 27<\/a><\/h4><p class=\"entry-content work-description\">Page(s 27<\/p><a class=\"theme-btn-link\" href=\"https:\/\/editionsverdigris.com\/en\/events\/pages-27-editions-verdigris-paris\/\"><div class=\"theme-btn theme-btn-outline-primary theme-hover-arrow\">More details<\/div><\/a><\/div><\/div><div class=\"gridblock-element grid-animate-display-all isotope-displayed gridblock-element-id-2073 gridblock-element-order-3  gridblock-filterable filter-17\" data-portfolio=\"portfolio-2073\" data-id=\"id-4\"><div class=\"gridblock-grid-element gridblock-element-inner\" data-portfolioid=\"2073\"><div class=\"gridblock-background-hover\"><a class=\"gridblock-sole-link\" href=\"https:\/\/editionsverdigris.com\/en\/events\/livres-dartistes-a-tirage-limite-avec-les-editions-verdigris-a-la-grand-combe-gard-mai-2025\/\"><div class=\"gridblock-links-wrap box-title-\"><span class=\"column-gridblock-icon\"><span class=\"hover-icon-effect\"><i class=\"ion-ios-plus-empty\"><\/i><\/span><\/span><\/div><\/a><\/div><img decoding=\"async\" src=\"https:\/\/editionsverdigris.com\/wp-content\/themes\/blacksilver\/images\/placeholders\/placeholder-770x550.gif\" data-src=\"https:\/\/editionsverdigris.com\/wp-content\/uploads\/2025\/08\/fly-Grand-Combe.jpg\" alt=\"\" class=\"displayed-image lazyload\"\/><\/div><div class=\"work-details\"><div class=\"events-summary-wrap\"><div class=\"worktype-categories\">3 May 2025<span class=\"date-seperator\"> - <\/span>31 May 2025<\/div><\/div><h4><a href=\"https:\/\/editionsverdigris.com\/en\/events\/livres-dartistes-a-tirage-limite-avec-les-editions-verdigris-a-la-grand-combe-gard-mai-2025\/\">Tirage Limit\u00e9<\/a><\/h4><p class=\"entry-content work-description\">A travers l\u2019action culturelle Livres d\u2019artistes \u00e0 tirage limit\u00e9, la Direction du Livre et de la Lecture (DLL) du Conseil d\u00e9partemental du Gard invite le public \u00e0 d\u00e9couvrir des cr\u00e9ations originales des Editions Verdigris \u00e0 la m\u00e9diath\u00e8que de la Grand-Combe en mai 2025.<\/p><a class=\"theme-btn-link\" href=\"https:\/\/editionsverdigris.com\/en\/events\/livres-dartistes-a-tirage-limite-avec-les-editions-verdigris-a-la-grand-combe-gard-mai-2025\/\"><div class=\"theme-btn theme-btn-outline-primary theme-hover-arrow\">More details<\/div><\/a><\/div><\/div><div class=\"gridblock-element grid-animate-display-all isotope-displayed gridblock-element-id-2019 gridblock-element-order-4  gridblock-filterable filter-17\" data-portfolio=\"portfolio-2019\" data-id=\"id-5\"><div class=\"gridblock-grid-element gridblock-element-inner\" data-portfolioid=\"2019\"><div class=\"gridblock-background-hover\"><a class=\"gridblock-sole-link\" href=\"https:\/\/editionsverdigris.com\/en\/events\/editions-verdigris-pages-2024-palais-de-la-femme-paris-11eme-nov-29-1-dec-bibliophilie-contemporaine\/\"><div class=\"gridblock-links-wrap box-title-\"><span class=\"column-gridblock-icon\"><span class=\"hover-icon-effect\"><i class=\"ion-ios-plus-empty\"><\/i><\/span><\/span><\/div><\/a><\/div><img decoding=\"async\" src=\"https:\/\/editionsverdigris.com\/wp-content\/themes\/blacksilver\/images\/placeholders\/placeholder-770x550.gif\" data-src=\"https:\/\/editionsverdigris.com\/wp-content\/uploads\/2024\/10\/carton-pages-2024-800x568.jpg\" alt=\"\" class=\"displayed-image lazyload\"\/><\/div><div class=\"work-details\"><div class=\"events-summary-wrap\"><div class=\"worktype-categories\">29 November 2024<span class=\"date-seperator\"> - <\/span>1 December 2024<\/div><\/div><h4><a href=\"https:\/\/editionsverdigris.com\/en\/events\/editions-verdigris-pages-2024-palais-de-la-femme-paris-11eme-nov-29-1-dec-bibliophilie-contemporaine\/\">Page(s 2024<\/a><\/h4><p class=\"entry-content work-description\">Les Editions Verdigris exposent ses livres d'artiste pour la 25\u00e8me fois \u00e0 Page(s le salon de la bibliophilie contemporaine de Paris<\/p><a class=\"theme-btn-link\" href=\"https:\/\/editionsverdigris.com\/en\/events\/editions-verdigris-pages-2024-palais-de-la-femme-paris-11eme-nov-29-1-dec-bibliophilie-contemporaine\/\"><div class=\"theme-btn theme-btn-outline-primary theme-hover-arrow\">More details<\/div><\/a><\/div><\/div><div class=\"gridblock-element grid-animate-display-all isotope-displayed gridblock-element-id-2055 gridblock-element-order-5  gridblock-filterable filter-17\" data-portfolio=\"portfolio-2055\" data-id=\"id-6\"><div class=\"gridblock-grid-element gridblock-element-inner\" data-portfolioid=\"2055\"><div class=\"gridblock-background-hover\"><a class=\"gridblock-sole-link\" href=\"https:\/\/editionsverdigris.com\/en\/events\/exposition-eaux-xve-xxie-siecles-mediatheque-emile-zola-montpellier-21-septembre-28-decembre-2024-paul-valery-je-marchais-sur-le-bord-meme-de-la-mer-gravures-de-judith-rothchild-octon-verdigri\/\"><div class=\"gridblock-links-wrap box-title-\"><span class=\"column-gridblock-icon\"><span class=\"hover-icon-effect\"><i class=\"ion-ios-plus-empty\"><\/i><\/span><\/span><\/div><\/a><\/div><img decoding=\"async\" src=\"https:\/\/editionsverdigris.com\/wp-content\/themes\/blacksilver\/images\/placeholders\/placeholder-770x550.gif\" data-src=\"https:\/\/editionsverdigris.com\/wp-content\/uploads\/2025\/07\/mediatheque-montpellier-2-800x415.jpg\" alt=\"\" class=\"displayed-image lazyload\"\/><\/div><div class=\"work-details\"><div class=\"events-summary-wrap\"><div class=\"worktype-categories\">21 September 2024<span class=\"date-seperator\"> - <\/span>28 December 2024<\/div><\/div><h4><a href=\"https:\/\/editionsverdigris.com\/en\/events\/exposition-eaux-xve-xxie-siecles-mediatheque-emile-zola-montpellier-21-septembre-28-decembre-2024-paul-valery-je-marchais-sur-le-bord-meme-de-la-mer-gravures-de-judith-rothchild-octon-verdigri\/\">Exposition Eaux. XVe &#8211; XXIe si\u00e8cles<\/a><\/h4><p class=\"entry-content work-description\">L'exposition Eaux. XVe - XXIe si\u00e8cles propos\u00e9e par le R\u00e9seau des M\u00e9diath\u00e8ques et de la culture scientifique de Montpellier a eu lieu du 21 septembre au 28 d\u00e9cembre 2024 \u00e0 la m\u00e9diath\u00e8que \u00c9mile Zola. Le livre des \u00c9ditions Verdigris - Paul Val\u00e9ry : Je marchais sur le bord m\u00eame de la mer : extrait d'Eupalinos ou l'Architecte avec gravures en mani\u00e8re noire de Judith Rothchild est expos\u00e9.<\/p><a class=\"theme-btn-link\" href=\"https:\/\/editionsverdigris.com\/en\/events\/exposition-eaux-xve-xxie-siecles-mediatheque-emile-zola-montpellier-21-septembre-28-decembre-2024-paul-valery-je-marchais-sur-le-bord-meme-de-la-mer-gravures-de-judith-rothchild-octon-verdigri\/\"><div class=\"theme-btn theme-btn-outline-primary theme-hover-arrow\">More details<\/div><\/a><\/div><\/div><div class=\"gridblock-element grid-animate-display-all isotope-displayed gridblock-element-id-2036 gridblock-element-order-6  gridblock-filterable filter-17\" data-portfolio=\"portfolio-2036\" data-id=\"id-7\"><div class=\"gridblock-grid-element gridblock-element-inner\" data-portfolioid=\"2036\"><div class=\"gridblock-background-hover\"><a class=\"gridblock-sole-link\" href=\"https:\/\/editionsverdigris.com\/en\/events\/boston-museum-of-fine-arts-exposition-power-of-the-people-art-and-democracy-aux-etats-unis-de-lamerique-editions-verdigris\/\"><div class=\"gridblock-links-wrap box-title-\"><span class=\"column-gridblock-icon\"><span class=\"hover-icon-effect\"><i class=\"ion-ios-plus-empty\"><\/i><\/span><\/span><\/div><\/a><\/div><img decoding=\"async\" src=\"https:\/\/editionsverdigris.com\/wp-content\/themes\/blacksilver\/images\/placeholders\/placeholder-770x550.gif\" data-src=\"https:\/\/editionsverdigris.com\/wp-content\/uploads\/2025\/07\/Expo-MFA-800x612.jpg\" alt=\"\" class=\"displayed-image lazyload\"\/><\/div><div class=\"work-details\"><div class=\"events-summary-wrap\"><div class=\"worktype-categories\">26 October 2024<span class=\"date-seperator\"> - <\/span>17 February 2025<\/div><\/div><h4><a href=\"https:\/\/editionsverdigris.com\/en\/events\/boston-museum-of-fine-arts-exposition-power-of-the-people-art-and-democracy-aux-etats-unis-de-lamerique-editions-verdigris\/\">Boston Museum of Fine Arts<\/a><\/h4><p class=\"entry-content work-description\"> Le livre, Aux Etats Unis de l'Am\u00e9rique, avec un texte de Victor Hugo et une mani\u00e8re noire de Judith Rothchild, \u00e9dit\u00e9 par les Editions Verdigris \u00e9tait inclus dans l'exposition Power of the people : Art and democracy au Museum of Fine Arts \u00e0 Boston. Le 26 octobre 26 2024 au 17 f\u00e9vrier, 2025<\/p><a class=\"theme-btn-link\" href=\"https:\/\/editionsverdigris.com\/en\/events\/boston-museum-of-fine-arts-exposition-power-of-the-people-art-and-democracy-aux-etats-unis-de-lamerique-editions-verdigris\/\"><div class=\"theme-btn theme-btn-outline-primary theme-hover-arrow\">More details<\/div><\/a><\/div><\/div><div class=\"gridblock-element grid-animate-display-all isotope-displayed gridblock-element-id-2010 gridblock-element-order-7  gridblock-filterable filter-17\" data-portfolio=\"portfolio-2010\" data-id=\"id-8\"><div class=\"gridblock-grid-element gridblock-element-inner\" data-portfolioid=\"2010\"><div class=\"gridblock-background-hover\"><a class=\"gridblock-sole-link\" href=\"https:\/\/editionsverdigris.com\/en\/events\/pages-en-mai-2024-editions-verdigris-bastille-design-center\/\"><div class=\"gridblock-links-wrap box-title-\"><span class=\"column-gridblock-icon\"><span class=\"hover-icon-effect\"><i class=\"ion-ios-plus-empty\"><\/i><\/span><\/span><\/div><\/a><\/div><img decoding=\"async\" src=\"https:\/\/editionsverdigris.com\/wp-content\/themes\/blacksilver\/images\/placeholders\/placeholder-770x550.gif\" data-src=\"https:\/\/editionsverdigris.com\/wp-content\/uploads\/2024\/07\/invitation-pages-05-24-800x587.jpg\" alt=\"\" class=\"displayed-image lazyload\"\/><\/div><div class=\"work-details\"><div class=\"events-summary-wrap\"><div class=\"worktype-categories\">11 May 2024<span class=\"date-seperator\"> - <\/span>12 May 2024<\/div><\/div><h4><a href=\"https:\/\/editionsverdigris.com\/en\/events\/pages-en-mai-2024-editions-verdigris-bastille-design-center\/\">Page(s en Mai 2024<\/a><\/h4><p class=\"entry-content work-description\">Les Editions Verdigris exposent ses livres d'artiste et les estampes en mani\u00e8re noire de Judith Rothchild \u00e0 la Bastille Design Center Paris 75011, les 11\/12 mai 2024.<\/p><a class=\"theme-btn-link\" href=\"https:\/\/editionsverdigris.com\/en\/events\/pages-en-mai-2024-editions-verdigris-bastille-design-center\/\"><div class=\"theme-btn theme-btn-outline-primary theme-hover-arrow\">More details<\/div><\/a><\/div><\/div><div class=\"gridblock-element grid-animate-display-all isotope-displayed gridblock-element-id-1980 gridblock-element-order-8  gridblock-filterable filter-17\" data-portfolio=\"portfolio-1980\" data-id=\"id-9\"><div class=\"gridblock-grid-element gridblock-element-inner\" data-portfolioid=\"1980\"><div class=\"gridblock-background-hover\"><a class=\"gridblock-sole-link\" href=\"https:\/\/editionsverdigris.com\/en\/events\/codex-2024\/\"><div class=\"gridblock-links-wrap box-title-\"><span class=\"column-gridblock-icon\"><span class=\"hover-icon-effect\"><i class=\"ion-ios-plus-empty\"><\/i><\/span><\/span><\/div><\/a><\/div><img decoding=\"async\" src=\"https:\/\/editionsverdigris.com\/wp-content\/themes\/blacksilver\/images\/placeholders\/placeholder-770x550.gif\" data-src=\"https:\/\/editionsverdigris.com\/wp-content\/uploads\/2024\/01\/codex-20024-800x618.jpg\" alt=\"\" class=\"displayed-image lazyload\"\/><\/div><div class=\"work-details\"><div class=\"events-summary-wrap\"><div class=\"worktype-categories\">4 February 2024<span class=\"date-seperator\"> - <\/span>7 February 2024<\/div><\/div><h4><a href=\"https:\/\/editionsverdigris.com\/en\/events\/codex-2024\/\">CODEX 2024<\/a><\/h4><p class=\"entry-content work-description\">CODEX 2024<\/p><a class=\"theme-btn-link\" href=\"https:\/\/editionsverdigris.com\/en\/events\/codex-2024\/\"><div class=\"theme-btn theme-btn-outline-primary theme-hover-arrow\">More details<\/div><\/a><\/div><\/div><div class=\"gridblock-element grid-animate-display-all isotope-displayed gridblock-element-id-1975 gridblock-element-order-9  gridblock-filterable filter-17\" data-portfolio=\"portfolio-1975\" data-id=\"id-10\"><div class=\"gridblock-grid-element gridblock-element-inner\" data-portfolioid=\"1975\"><div class=\"gridblock-background-hover\"><a class=\"gridblock-sole-link\" href=\"https:\/\/editionsverdigris.com\/en\/events\/oxford-fine-press-book-fair\/\"><div class=\"gridblock-links-wrap box-title-\"><span class=\"column-gridblock-icon\"><span class=\"hover-icon-effect\"><i class=\"ion-ios-plus-empty\"><\/i><\/span><\/span><\/div><\/a><\/div><img decoding=\"async\" src=\"https:\/\/editionsverdigris.com\/wp-content\/themes\/blacksilver\/images\/placeholders\/placeholder-770x550.gif\" data-src=\"https:\/\/editionsverdigris.com\/wp-content\/uploads\/2024\/01\/OxfordFinePressBookFair2023r.jpg\" alt=\"\" class=\"displayed-image lazyload\"\/><\/div><div class=\"work-details\"><div class=\"events-summary-wrap\"><div class=\"worktype-categories\">9 December 2023<span class=\"date-seperator\"> - <\/span>10 December 2023<\/div><\/div><h4><a href=\"https:\/\/editionsverdigris.com\/en\/events\/oxford-fine-press-book-fair\/\">Oxford fine press book fair<\/a><\/h4><p class=\"entry-content work-description\">Oxford Fine Press Book Fair<\/p><a class=\"theme-btn-link\" href=\"https:\/\/editionsverdigris.com\/en\/events\/oxford-fine-press-book-fair\/\"><div class=\"theme-btn theme-btn-outline-primary theme-hover-arrow\">More details<\/div><\/a><\/div><\/div><div class=\"gridblock-element grid-animate-display-all isotope-displayed gridblock-element-id-1969 gridblock-element-order-10  gridblock-filterable filter-17\" data-portfolio=\"portfolio-1969\" data-id=\"id-11\"><div class=\"gridblock-grid-element gridblock-element-inner\" data-portfolioid=\"1969\"><div class=\"gridblock-background-hover\"><a class=\"gridblock-sole-link\" href=\"https:\/\/editionsverdigris.com\/en\/events\/salon-pages\/\"><div class=\"gridblock-links-wrap box-title-\"><span class=\"column-gridblock-icon\"><span class=\"hover-icon-effect\"><i class=\"ion-ios-plus-empty\"><\/i><\/span><\/span><\/div><\/a><\/div><img decoding=\"async\" src=\"https:\/\/editionsverdigris.com\/wp-content\/themes\/blacksilver\/images\/placeholders\/placeholder-770x550.gif\" data-src=\"https:\/\/editionsverdigris.com\/wp-content\/uploads\/2024\/01\/Carton-invit-23.jpg\" alt=\"\" class=\"displayed-image lazyload\"\/><\/div><div class=\"work-details\"><div class=\"events-summary-wrap\"><div class=\"worktype-categories\">24 November 2023<span class=\"date-seperator\"> - <\/span>26 November 2023<\/div><\/div><h4><a href=\"https:\/\/editionsverdigris.com\/en\/events\/salon-pages\/\">Salon Page(s<\/a><\/h4><p class=\"entry-content work-description\">Salon Page(s<\/p><a class=\"theme-btn-link\" href=\"https:\/\/editionsverdigris.com\/en\/events\/salon-pages\/\"><div class=\"theme-btn theme-btn-outline-primary theme-hover-arrow\">More details<\/div><\/a><\/div><\/div><div class=\"gridblock-element grid-animate-display-all isotope-displayed gridblock-element-id-1871 gridblock-element-order-11  gridblock-filterable filter-17\" data-portfolio=\"portfolio-1871\" data-id=\"id-12\"><div class=\"gridblock-grid-element gridblock-element-inner\" data-portfolioid=\"1871\"><div class=\"gridblock-background-hover\"><a class=\"gridblock-sole-link\" href=\"https:\/\/editionsverdigris.com\/en\/events\/biennale-du-livre-dartiste-de-rodez\/\"><div class=\"gridblock-links-wrap box-title-\"><span class=\"column-gridblock-icon\"><span class=\"hover-icon-effect\"><i class=\"ion-ios-plus-empty\"><\/i><\/span><\/span><\/div><\/a><\/div><img decoding=\"async\" src=\"https:\/\/editionsverdigris.com\/wp-content\/themes\/blacksilver\/images\/placeholders\/placeholder-770x550.gif\" data-src=\"https:\/\/editionsverdigris.com\/wp-content\/uploads\/2022\/07\/Rodez-2022.jpg\" alt=\"Rodez 2022\" class=\"displayed-image lazyload\"\/><\/div><div class=\"work-details\"><div class=\"events-summary-wrap\"><div class=\"worktype-categories\">8 October 2022<span class=\"date-seperator\"> - <\/span>9 October 2022<\/div><\/div><h4><a href=\"https:\/\/editionsverdigris.com\/en\/events\/biennale-du-livre-dartiste-de-rodez\/\">Biennale du livre d&rsquo;artiste de Rodez<\/a><\/h4><p class=\"entry-content work-description\">\u00c9ditions Verdigris will be exhibiting for the second time at the Rodez biennale of artist\u2019s books from the 8th to 9th of October 2022. Visit us on stand 13.<\/p><a class=\"theme-btn-link\" href=\"https:\/\/editionsverdigris.com\/en\/events\/biennale-du-livre-dartiste-de-rodez\/\"><div class=\"theme-btn theme-btn-outline-primary theme-hover-arrow\">More details<\/div><\/a><\/div><\/div><div class=\"gridblock-element grid-animate-display-all isotope-displayed gridblock-element-id-1220 gridblock-element-order-12  gridblock-filterable filter-17\" data-portfolio=\"portfolio-1220\" data-id=\"id-13\"><div class=\"gridblock-grid-element gridblock-element-inner\" data-portfolioid=\"1220\"><div class=\"gridblock-background-hover\"><a class=\"gridblock-sole-link\" href=\"https:\/\/editionsverdigris.com\/en\/events\/paris-print-fair\/\"><div class=\"gridblock-links-wrap box-title-\"><span class=\"column-gridblock-icon\"><span class=\"hover-icon-effect\"><i class=\"ion-ios-plus-empty\"><\/i><\/span><\/span><\/div><\/a><\/div><img decoding=\"async\" src=\"https:\/\/editionsverdigris.com\/wp-content\/themes\/blacksilver\/images\/placeholders\/placeholder-770x550.gif\" data-src=\"https:\/\/editionsverdigris.com\/wp-content\/uploads\/2022\/06\/Affiche_ParisPrintFair_72-RVB-724x1024-1.jpg\" alt=\"Paris-Print-Fair\" class=\"displayed-image lazyload\"\/><\/div><div class=\"work-details\"><div class=\"events-summary-wrap\"><div class=\"worktype-categories\">19 May 2022<span class=\"date-seperator\"> - <\/span>22 May 2022<\/div><\/div><h4><a href=\"https:\/\/editionsverdigris.com\/en\/events\/paris-print-fair\/\">Paris Print Fair<\/a><\/h4><p class=\"entry-content work-description\">For its first edition from the 19 to 22 of May 2022, The Paris Print Fair, organised by the Chambre Syndicale de l\u2019Estampe, du Dessin et du Tableau (CSEDT), brings together 19 exhibitors from all over Europe in the R\u00e9fectoire of the Couvent des Cordeliers in Paris.<\/p><a class=\"theme-btn-link\" href=\"https:\/\/editionsverdigris.com\/en\/events\/paris-print-fair\/\"><div class=\"theme-btn theme-btn-outline-primary theme-hover-arrow\">More details<\/div><\/a><\/div><\/div><div class=\"gridblock-element grid-animate-display-all isotope-displayed gridblock-element-id-1213 gridblock-element-order-13  gridblock-filterable filter-17\" data-portfolio=\"portfolio-1213\" data-id=\"id-14\"><div class=\"gridblock-grid-element gridblock-element-inner\" data-portfolioid=\"1213\"><div class=\"gridblock-background-hover\"><a class=\"gridblock-sole-link\" href=\"https:\/\/editionsverdigris.com\/en\/events\/codex-book-fair\/\"><div class=\"gridblock-links-wrap box-title-\"><span class=\"column-gridblock-icon\"><span class=\"hover-icon-effect\"><i class=\"ion-ios-plus-empty\"><\/i><\/span><\/span><\/div><\/a><\/div><img decoding=\"async\" src=\"https:\/\/editionsverdigris.com\/wp-content\/themes\/blacksilver\/images\/placeholders\/placeholder-770x550.gif\" data-src=\"https:\/\/editionsverdigris.com\/wp-content\/uploads\/2022\/06\/Codex-1024x791-1-800x618.jpg\" alt=\"Codex-Book-Fair\" class=\"displayed-image lazyload\"\/><\/div><div class=\"work-details\"><div class=\"events-summary-wrap\"><div class=\"worktype-categories\">10 April 2022<span class=\"date-seperator\"> - <\/span>13 April 2022<\/div><\/div><h4><a href=\"https:\/\/editionsverdigris.com\/en\/events\/codex-book-fair\/\">CODEX Book Fair<\/a><\/h4><p class=\"entry-content work-description\">The Codex International Book fair brings together book artists as well as dealers from all over the world.<\/p><a class=\"theme-btn-link\" href=\"https:\/\/editionsverdigris.com\/en\/events\/codex-book-fair\/\"><div class=\"theme-btn theme-btn-outline-primary theme-hover-arrow\">More details<\/div><\/a><\/div><\/div><\/div><\/div>\t\t<\/div>\n\t\t\t\t<\/div>\n\t\t\t\t\t<\/div>\n\t\t<\/div>\n\t\t\t\t\t<\/div>\n\t\t<\/section>\n\t\t\t\t<\/div>","protected":false},"excerpt":{"rendered":"<p>Tous nos \u00c9v\u00e8nements Venez \u00e0 notre rencontre ! Nous participons r\u00e9guli\u00e8rement \u00e0 des \u00e9v\u00e8nements o\u00f9 nous venons \u00e0 la rencontre des bibliophiles passionn\u00e9s. 19 mai 2022 &#8211; 22 mai 2022 Paris Print Fair Marquant sa toute premi\u00e8re \u00e9dition du 19 au 22 mai 2022, la Paris Print Fair, organis\u00e9e par la Chambre Syndicale de l\u2019Estampe, du Dessin et du Tableau (CSEDT), r\u00e9unira 19 exposants europ\u00e9ens au sein du R\u00e9fectoire du Couvent des Cordeliers \u00e0 Paris. Plus de d\u00e9tails10 avril 2022 [&hellip;]<\/p>","protected":false},"author":2,"featured_media":1155,"parent":0,"menu_order":0,"comment_status":"closed","ping_status":"closed","template":"","meta":{"footnotes":""},"class_list":["post-796","page","type-page","status-publish","has-post-thumbnail","hentry"],"yoast_head":"<!-- This site is optimized with the Yoast SEO plugin v27.5 - https:\/\/yoast.com\/product\/yoast-seo-wordpress\/ -->\n<title>\u00c9v\u00e8nements - \u00c9ditions Verdigris<\/title>\n<meta name=\"description\" content=\"\u00c9ditions verdigris - Site Officiel - D\u00e9couvrez les prochains \u00e9v\u00e8nements o\u00f9 nous serons pr\u00e9sents. Venez \u00e0 notre rencontre !\" \/>\n<meta name=\"robots\" content=\"index, follow, max-snippet:-1, max-image-preview:large, max-video-preview:-1\" \/>\n<link rel=\"canonical\" href=\"https:\/\/editionsverdigris.com\/en\/evenements\/\" \/>\n<meta property=\"og:locale\" content=\"en_GB\" \/>\n<meta property=\"og:type\" content=\"article\" \/>\n<meta property=\"og:title\" content=\"\u00c9v\u00e8nements - \u00c9ditions Verdigris\" \/>\n<meta property=\"og:description\" content=\"\u00c9ditions verdigris - Site Officiel - D\u00e9couvrez les prochains \u00e9v\u00e8nements o\u00f9 nous serons pr\u00e9sents. Venez \u00e0 notre rencontre !\" \/>\n<meta property=\"og:url\" content=\"https:\/\/editionsverdigris.com\/en\/evenements\/\" \/>\n<meta property=\"og:site_name\" content=\"\u00c9ditions Verdigris\" \/>\n<meta property=\"article:modified_time\" content=\"2022-06-25T22:47:30+00:00\" \/>\n<meta property=\"og:image\" content=\"https:\/\/editionsverdigris.com\/wp-content\/uploads\/2022\/06\/241575069_4389836934395910_5101601099717092898_n-e1656026848765.jpg\" \/>\n\t<meta property=\"og:image:width\" content=\"1512\" \/>\n\t<meta property=\"og:image:height\" content=\"1512\" \/>\n\t<meta property=\"og:image:type\" content=\"image\/jpeg\" \/>\n<meta name=\"twitter:card\" content=\"summary_large_image\" \/>\n<meta name=\"twitter:label1\" content=\"Estimated reading time\" \/>\n\t<meta name=\"twitter:data1\" content=\"1 minute\" \/>\n<script type=\"application\/ld+json\" class=\"yoast-schema-graph\">{\"@context\":\"https:\\\/\\\/schema.org\",\"@graph\":[{\"@type\":\"WebPage\",\"@id\":\"https:\\\/\\\/editionsverdigris.com\\\/evenements\\\/\",\"url\":\"https:\\\/\\\/editionsverdigris.com\\\/evenements\\\/\",\"name\":\"\u00c9v\u00e8nements - \u00c9ditions Verdigris\",\"isPartOf\":{\"@id\":\"https:\\\/\\\/editionsverdigris.com\\\/#website\"},\"primaryImageOfPage\":{\"@id\":\"https:\\\/\\\/editionsverdigris.com\\\/evenements\\\/#primaryimage\"},\"image\":{\"@id\":\"https:\\\/\\\/editionsverdigris.com\\\/evenements\\\/#primaryimage\"},\"thumbnailUrl\":\"https:\\\/\\\/editionsverdigris.com\\\/wp-content\\\/uploads\\\/2022\\\/06\\\/241575069_4389836934395910_5101601099717092898_n-e1656026848765.jpg\",\"datePublished\":\"2022-06-04T07:51:45+00:00\",\"dateModified\":\"2022-06-25T22:47:30+00:00\",\"description\":\"\u00c9ditions verdigris - Site Officiel - D\u00e9couvrez les prochains \u00e9v\u00e8nements o\u00f9 nous serons pr\u00e9sents. Venez \u00e0 notre rencontre !\",\"breadcrumb\":{\"@id\":\"https:\\\/\\\/editionsverdigris.com\\\/evenements\\\/#breadcrumb\"},\"inLanguage\":\"en-GB\",\"potentialAction\":[{\"@type\":\"ReadAction\",\"target\":[\"https:\\\/\\\/editionsverdigris.com\\\/evenements\\\/\"]}]},{\"@type\":\"ImageObject\",\"inLanguage\":\"en-GB\",\"@id\":\"https:\\\/\\\/editionsverdigris.com\\\/evenements\\\/#primaryimage\",\"url\":\"https:\\\/\\\/editionsverdigris.com\\\/wp-content\\\/uploads\\\/2022\\\/06\\\/241575069_4389836934395910_5101601099717092898_n-e1656026848765.jpg\",\"contentUrl\":\"https:\\\/\\\/editionsverdigris.com\\\/wp-content\\\/uploads\\\/2022\\\/06\\\/241575069_4389836934395910_5101601099717092898_n-e1656026848765.jpg\",\"width\":1512,\"height\":1512,\"caption\":\"Atelier-Galerie-A-Piroir\"},{\"@type\":\"BreadcrumbList\",\"@id\":\"https:\\\/\\\/editionsverdigris.com\\\/evenements\\\/#breadcrumb\",\"itemListElement\":[{\"@type\":\"ListItem\",\"position\":1,\"name\":\"Accueil\",\"item\":\"https:\\\/\\\/editionsverdigris.com\\\/\"},{\"@type\":\"ListItem\",\"position\":2,\"name\":\"\u00c9v\u00e8nements\"}]},{\"@type\":\"WebSite\",\"@id\":\"https:\\\/\\\/editionsverdigris.com\\\/#website\",\"url\":\"https:\\\/\\\/editionsverdigris.com\\\/\",\"name\":\"\u00c9ditions Verdigris\",\"description\":\"Site Officiel - Sp\u00e9cialiste Cr\u00e9ation de livres d&#039;artiste\",\"publisher\":{\"@id\":\"https:\\\/\\\/editionsverdigris.com\\\/#organization\"},\"potentialAction\":[{\"@type\":\"SearchAction\",\"target\":{\"@type\":\"EntryPoint\",\"urlTemplate\":\"https:\\\/\\\/editionsverdigris.com\\\/?s={search_term_string}\"},\"query-input\":{\"@type\":\"PropertyValueSpecification\",\"valueRequired\":true,\"valueName\":\"search_term_string\"}}],\"inLanguage\":\"en-GB\"},{\"@type\":\"Organization\",\"@id\":\"https:\\\/\\\/editionsverdigris.com\\\/#organization\",\"name\":\"\u00c9ditions Verdigris\",\"url\":\"https:\\\/\\\/editionsverdigris.com\\\/\",\"logo\":{\"@type\":\"ImageObject\",\"inLanguage\":\"en-GB\",\"@id\":\"https:\\\/\\\/editionsverdigris.com\\\/#\\\/schema\\\/logo\\\/image\\\/\",\"url\":\"\",\"contentUrl\":\"\",\"caption\":\"\u00c9ditions Verdigris\"},\"image\":{\"@id\":\"https:\\\/\\\/editionsverdigris.com\\\/#\\\/schema\\\/logo\\\/image\\\/\"}}]}<\/script>\n<!-- \/ Yoast SEO plugin. -->","yoast_head_json":{"title":"\u00c9v\u00e8nements - \u00c9ditions Verdigris","description":"\u00c9ditions verdigris - Site Officiel - D\u00e9couvrez les prochains \u00e9v\u00e8nements o\u00f9 nous serons pr\u00e9sents. Venez \u00e0 notre rencontre !","robots":{"index":"index","follow":"follow","max-snippet":"max-snippet:-1","max-image-preview":"max-image-preview:large","max-video-preview":"max-video-preview:-1"},"canonical":"https:\/\/editionsverdigris.com\/en\/evenements\/","og_locale":"en_GB","og_type":"article","og_title":"\u00c9v\u00e8nements - \u00c9ditions Verdigris","og_description":"\u00c9ditions verdigris - Site Officiel - D\u00e9couvrez les prochains \u00e9v\u00e8nements o\u00f9 nous serons pr\u00e9sents. Venez \u00e0 notre rencontre !","og_url":"https:\/\/editionsverdigris.com\/en\/evenements\/","og_site_name":"\u00c9ditions Verdigris","article_modified_time":"2022-06-25T22:47:30+00:00","og_image":[{"width":1512,"height":1512,"url":"https:\/\/editionsverdigris.com\/wp-content\/uploads\/2022\/06\/241575069_4389836934395910_5101601099717092898_n-e1656026848765.jpg","type":"image\/jpeg"}],"twitter_card":"summary_large_image","twitter_misc":{"Estimated reading time":"1 minute"},"schema":{"@context":"https:\/\/schema.org","@graph":[{"@type":"WebPage","@id":"https:\/\/editionsverdigris.com\/evenements\/","url":"https:\/\/editionsverdigris.com\/evenements\/","name":"\u00c9v\u00e8nements - \u00c9ditions Verdigris","isPartOf":{"@id":"https:\/\/editionsverdigris.com\/#website"},"primaryImageOfPage":{"@id":"https:\/\/editionsverdigris.com\/evenements\/#primaryimage"},"image":{"@id":"https:\/\/editionsverdigris.com\/evenements\/#primaryimage"},"thumbnailUrl":"https:\/\/editionsverdigris.com\/wp-content\/uploads\/2022\/06\/241575069_4389836934395910_5101601099717092898_n-e1656026848765.jpg","datePublished":"2022-06-04T07:51:45+00:00","dateModified":"2022-06-25T22:47:30+00:00","description":"\u00c9ditions verdigris - Site Officiel - D\u00e9couvrez les prochains \u00e9v\u00e8nements o\u00f9 nous serons pr\u00e9sents. Venez \u00e0 notre rencontre !","breadcrumb":{"@id":"https:\/\/editionsverdigris.com\/evenements\/#breadcrumb"},"inLanguage":"en-GB","potentialAction":[{"@type":"ReadAction","target":["https:\/\/editionsverdigris.com\/evenements\/"]}]},{"@type":"ImageObject","inLanguage":"en-GB","@id":"https:\/\/editionsverdigris.com\/evenements\/#primaryimage","url":"https:\/\/editionsverdigris.com\/wp-content\/uploads\/2022\/06\/241575069_4389836934395910_5101601099717092898_n-e1656026848765.jpg","contentUrl":"https:\/\/editionsverdigris.com\/wp-content\/uploads\/2022\/06\/241575069_4389836934395910_5101601099717092898_n-e1656026848765.jpg","width":1512,"height":1512,"caption":"Atelier-Galerie-A-Piroir"},{"@type":"BreadcrumbList","@id":"https:\/\/editionsverdigris.com\/evenements\/#breadcrumb","itemListElement":[{"@type":"ListItem","position":1,"name":"Accueil","item":"https:\/\/editionsverdigris.com\/"},{"@type":"ListItem","position":2,"name":"\u00c9v\u00e8nements"}]},{"@type":"WebSite","@id":"https:\/\/editionsverdigris.com\/#website","url":"https:\/\/editionsverdigris.com\/","name":"\u00c9ditions Verdigris","description":"Site Officiel - Sp\u00e9cialiste Cr\u00e9ation de livres d&#039;artiste","publisher":{"@id":"https:\/\/editionsverdigris.com\/#organization"},"potentialAction":[{"@type":"SearchAction","target":{"@type":"EntryPoint","urlTemplate":"https:\/\/editionsverdigris.com\/?s={search_term_string}"},"query-input":{"@type":"PropertyValueSpecification","valueRequired":true,"valueName":"search_term_string"}}],"inLanguage":"en-GB"},{"@type":"Organization","@id":"https:\/\/editionsverdigris.com\/#organization","name":"\u00c9ditions Verdigris","url":"https:\/\/editionsverdigris.com\/","logo":{"@type":"ImageObject","inLanguage":"en-GB","@id":"https:\/\/editionsverdigris.com\/#\/schema\/logo\/image\/","url":"","contentUrl":"","caption":"\u00c9ditions Verdigris"},"image":{"@id":"https:\/\/editionsverdigris.com\/#\/schema\/logo\/image\/"}}]}},"_links":{"self":[{"href":"https:\/\/editionsverdigris.com\/en\/wp-json\/wp\/v2\/pages\/796","targetHints":{"allow":["GET"]}}],"collection":[{"href":"https:\/\/editionsverdigris.com\/en\/wp-json\/wp\/v2\/pages"}],"about":[{"href":"https:\/\/editionsverdigris.com\/en\/wp-json\/wp\/v2\/types\/page"}],"author":[{"embeddable":true,"href":"https:\/\/editionsverdigris.com\/en\/wp-json\/wp\/v2\/users\/2"}],"replies":[{"embeddable":true,"href":"https:\/\/editionsverdigris.com\/en\/wp-json\/wp\/v2\/comments?post=796"}],"version-history":[{"count":29,"href":"https:\/\/editionsverdigris.com\/en\/wp-json\/wp\/v2\/pages\/796\/revisions"}],"predecessor-version":[{"id":1516,"href":"https:\/\/editionsverdigris.com\/en\/wp-json\/wp\/v2\/pages\/796\/revisions\/1516"}],"wp:featuredmedia":[{"embeddable":true,"href":"https:\/\/editionsverdigris.com\/en\/wp-json\/wp\/v2\/media\/1155"}],"wp:attachment":[{"href":"https:\/\/editionsverdigris.com\/en\/wp-json\/wp\/v2\/media?parent=796"}],"curies":[{"name":"wp","href":"https:\/\/api.w.org\/{rel}","templated":true}]}}